{"id":1279,"date":"2024-10-31T09:04:23","date_gmt":"2024-10-31T08:04:23","guid":{"rendered":"https:\/\/www.ednh.fr\/salon-nutrition\/paris\/?page_id=1279"},"modified":"2026-03-10T13:26:40","modified_gmt":"2026-03-10T12:26:40","slug":"bienvenue","status":"publish","type":"page","link":"https:\/\/www.ednh.fr\/salon-nutrition\/paris\/","title":{"rendered":"Le salon de la nutrition de l\u2019EDNH"},"content":{"rendered":"\t\t<div data-elementor-type=\"wp-page\" data-elementor-id=\"1279\" class=\"elementor elementor-1279\">\n\t\t\t\t\t\t<section class=\"elementor-section elementor-top-section elementor-element elementor-element-63ba9102 elementor-section-stretched elementor-section-boxed elementor-section-height-default elementor-section-height-default wpr-particle-no wpr-jarallax-no wpr-parallax-no wpr-sticky-section-no wpr-equal-height-no\" data-id=\"63ba9102\" data-element_type=\"section\" data-e-type=\"section\" data-settings=\"{&quot;background_background&quot;:&quot;classic&quot;,&quot;stretch_section&quot;:&quot;section-stretched&quot;}\">\n\t\t\t\t\t\t<div class=\"elementor-container elementor-column-gap-default\">\n\t\t\t\t\t<div class=\"elementor-column elementor-col-100 elementor-top-column elementor-element elementor-element-622d49df\" data-id=\"622d49df\" data-element_type=\"column\" data-e-type=\"column\">\n\t\t\t<div class=\"elementor-widget-wrap elementor-element-populated\">\n\t\t\t\t\t\t<div class=\"elementor-element elementor-element-05ac0fb elementor-widget elementor-widget-text-editor\" data-id=\"05ac0fb\" data-element_type=\"widget\" data-e-type=\"widget\" data-widget_type=\"text-editor.default\">\n\t\t\t\t<div class=\"elementor-widget-container\">\n\t\t\t\t\t\t\t\t\t<h1 style=\"text-align: center\">Bienvenue \u00e0 la 12\u00e8me \u00e9dition du Salon de la Nutrition !<\/h1>\t\t\t\t\t\t\t\t<\/div>\n\t\t\t\t<\/div>\n\t\t\t\t<div class=\"elementor-element elementor-element-5de8ddb elementor-widget-divider--view-line_icon elementor-view-default elementor-widget-divider--element-align-center elementor-widget elementor-widget-divider\" data-id=\"5de8ddb\" data-element_type=\"widget\" data-e-type=\"widget\" data-widget_type=\"divider.default\">\n\t\t\t\t<div class=\"elementor-widget-container\">\n\t\t\t\t\t\t\t<div class=\"elementor-divider\">\n\t\t\t<span class=\"elementor-divider-separator\">\n\t\t\t\t\t\t\t<div class=\"elementor-icon elementor-divider__element\">\n\t\t\t\t\t<i aria-hidden=\"true\" class=\"fab fa-gripfire\"><\/i><\/div>\n\t\t\t\t\t\t<\/span>\n\t\t<\/div>\n\t\t\t\t\t\t<\/div>\n\t\t\t\t<\/div>\n\t\t\t\t\t<\/div>\n\t\t<\/div>\n\t\t\t\t\t<\/div>\n\t\t<\/section>\n\t\t\t\t<section class=\"elementor-section elementor-top-section elementor-element elementor-element-d2e7746 elementor-section-content-top elementor-section-stretched elementor-section-boxed elementor-section-height-default elementor-section-height-default wpr-particle-no wpr-jarallax-no wpr-parallax-no wpr-sticky-section-no wpr-equal-height-no\" data-id=\"d2e7746\" data-element_type=\"section\" data-e-type=\"section\" data-settings=\"{&quot;stretch_section&quot;:&quot;section-stretched&quot;,&quot;background_background&quot;:&quot;classic&quot;}\">\n\t\t\t\t\t\t<div class=\"elementor-container elementor-column-gap-default\">\n\t\t\t\t\t<div class=\"elementor-column elementor-col-50 elementor-top-column elementor-element elementor-element-11f9b26\" data-id=\"11f9b26\" data-element_type=\"column\" data-e-type=\"column\">\n\t\t\t<div class=\"elementor-widget-wrap elementor-element-populated\">\n\t\t\t\t\t\t<div class=\"elementor-element elementor-element-702b404 elementor-widget elementor-widget-text-editor\" data-id=\"702b404\" data-element_type=\"widget\" data-e-type=\"widget\" data-widget_type=\"text-editor.default\">\n\t\t\t\t<div class=\"elementor-widget-container\">\n\t\t\t\t\t\t\t\t\t<h5>Organis\u00e9 annuellement par les \u00e9tudiants de troisi\u00e8me ann\u00e9e du Bachelor en Di\u00e9t\u00e9tique et Nutrition Humaine et Sportive, le Salon de la Nutrition de l\u2019EDNH-Paris s&rsquo;est impos\u00e9 comme un rendez-vous incontournable du secteur.<\/h5><h5>Depuis plus d&rsquo;une d\u00e9cennie, cet \u00e9v\u00e9nement de prestige r\u00e9unit une audience cibl\u00e9e et diversifi\u00e9e : professionnels reconnus, sportifs de haut niveau, \u00e9tudiants passionn\u00e9s et grand public sensibilis\u00e9 aux enjeux de l&rsquo;alimentation. C&rsquo;est la plateforme id\u00e9ale pour explorer les derni\u00e8res avanc\u00e9es et les th\u00e9matiques majeures impactant la sant\u00e9 et la performance.<\/h5><h5>L&rsquo;excellence de cet \u00e9v\u00e9nement est assur\u00e9e gr\u00e2ce au soutien institutionnel de l\u2019\u00c9cole de Di\u00e9t\u00e9tique et Nutrition Humaine (EDNH), qui fournit un cadre id\u00e9al au c\u0153ur de Paris, \u00e0 proximit\u00e9 imm\u00e9diate de la Place de la R\u00e9publique.<\/h5>\t\t\t\t\t\t\t\t<\/div>\n\t\t\t\t<\/div>\n\t\t\t\t\t<\/div>\n\t\t<\/div>\n\t\t\t\t<div class=\"elementor-column elementor-col-50 elementor-top-column elementor-element elementor-element-7fbbbce\" data-id=\"7fbbbce\" data-element_type=\"column\" data-e-type=\"column\">\n\t\t\t<div class=\"elementor-widget-wrap elementor-element-populated\">\n\t\t\t\t\t\t<div class=\"elementor-element elementor-element-767be18 elementor-widget__width-initial elementor-widget elementor-widget-image\" data-id=\"767be18\" data-element_type=\"widget\" data-e-type=\"widget\" data-widget_type=\"image.default\">\n\t\t\t\t<div class=\"elementor-widget-container\">\n\t\t\t\t\t\t\t\t\t\t\t\t\t\t\t<img fetchpriority=\"high\" decoding=\"async\" width=\"640\" height=\"640\" src=\"https:\/\/www.ednh.fr\/salon-nutrition\/paris\/wp-content\/uploads\/sites\/2\/2025\/02\/1-4.jpg\" class=\"attachment-medium_large size-medium_large wp-image-1796\" alt=\"\" srcset=\"https:\/\/www.ednh.fr\/salon-nutrition\/paris\/wp-content\/uploads\/sites\/2\/2025\/02\/1-4.jpg 720w, https:\/\/www.ednh.fr\/salon-nutrition\/paris\/wp-content\/uploads\/sites\/2\/2025\/02\/1-4-300x300.jpg 300w, https:\/\/www.ednh.fr\/salon-nutrition\/paris\/wp-content\/uploads\/sites\/2\/2025\/02\/1-4-150x150.jpg 150w\" sizes=\"(max-width: 640px) 100vw, 640px\" \/>\t\t\t\t\t\t\t\t\t\t\t\t\t\t\t<\/div>\n\t\t\t\t<\/div>\n\t\t\t\t\t<\/div>\n\t\t<\/div>\n\t\t\t\t\t<\/div>\n\t\t<\/section>\n\t\t\t\t<section class=\"elementor-section elementor-top-section elementor-element elementor-element-adcde0e elementor-section-stretched elementor-section-boxed elementor-section-height-default elementor-section-height-default wpr-particle-no wpr-jarallax-no wpr-parallax-no wpr-sticky-section-no wpr-equal-height-no\" data-id=\"adcde0e\" data-element_type=\"section\" data-e-type=\"section\" data-settings=\"{&quot;stretch_section&quot;:&quot;section-stretched&quot;,&quot;background_background&quot;:&quot;classic&quot;}\">\n\t\t\t\t\t\t<div class=\"elementor-container elementor-column-gap-default\">\n\t\t\t\t\t<div class=\"elementor-column elementor-col-100 elementor-top-column elementor-element elementor-element-ee19997\" data-id=\"ee19997\" data-element_type=\"column\" data-e-type=\"column\">\n\t\t\t<div class=\"elementor-widget-wrap elementor-element-populated\">\n\t\t\t\t\t\t<div class=\"elementor-element elementor-element-8892350 elementor-align-center elementor-widget elementor-widget-button\" data-id=\"8892350\" data-element_type=\"widget\" data-e-type=\"widget\" data-widget_type=\"button.default\">\n\t\t\t\t<div class=\"elementor-widget-container\">\n\t\t\t\t\t\t\t\t\t<div class=\"elementor-button-wrapper\">\n\t\t\t\t\t<a class=\"elementor-button elementor-button-link elementor-size-sm\" href=\"https:\/\/linktr.ee\/salondelanutritionEDNHParis\" target=\"_blank\">\n\t\t\t\t\t\t<span class=\"elementor-button-content-wrapper\">\n\t\t\t\t\t\t\t\t\t<span class=\"elementor-button-text\">Inscrivez-vous<\/span>\n\t\t\t\t\t<\/span>\n\t\t\t\t\t<\/a>\n\t\t\t\t<\/div>\n\t\t\t\t\t\t\t\t<\/div>\n\t\t\t\t<\/div>\n\t\t\t\t\t<\/div>\n\t\t<\/div>\n\t\t\t\t\t<\/div>\n\t\t<\/section>\n\t\t\t\t<section class=\"elementor-section elementor-top-section elementor-element elementor-element-944b8e2 elementor-section-stretched elementor-section-boxed elementor-section-height-default elementor-section-height-default wpr-particle-no wpr-jarallax-no wpr-parallax-no wpr-sticky-section-no wpr-equal-height-no\" data-id=\"944b8e2\" data-element_type=\"section\" data-e-type=\"section\" data-settings=\"{&quot;background_background&quot;:&quot;classic&quot;,&quot;stretch_section&quot;:&quot;section-stretched&quot;}\">\n\t\t\t\t\t\t<div class=\"elementor-container elementor-column-gap-default\">\n\t\t\t\t\t<div class=\"elementor-column elementor-col-100 elementor-top-column elementor-element elementor-element-6a99869\" data-id=\"6a99869\" data-element_type=\"column\" data-e-type=\"column\">\n\t\t\t<div class=\"elementor-widget-wrap elementor-element-populated\">\n\t\t\t\t\t\t<div class=\"elementor-element elementor-element-8f20847 elementor-widget elementor-widget-heading\" data-id=\"8f20847\" data-element_type=\"widget\" data-e-type=\"widget\" data-widget_type=\"heading.default\">\n\t\t\t\t<div class=\"elementor-widget-container\">\n\t\t\t\t\t<h1 class=\"elementor-heading-title elementor-size-default\">\" Sant\u00e9 mentale et performance : le duo gagnant !\"<\/h1>\t\t\t\t<\/div>\n\t\t\t\t<\/div>\n\t\t\t\t<div class=\"elementor-element elementor-element-05a9ad1 elementor-widget-divider--view-line_icon elementor-view-default elementor-widget-divider--element-align-center elementor-widget elementor-widget-divider\" data-id=\"05a9ad1\" data-element_type=\"widget\" data-e-type=\"widget\" data-widget_type=\"divider.default\">\n\t\t\t\t<div class=\"elementor-widget-container\">\n\t\t\t\t\t\t\t<div class=\"elementor-divider\">\n\t\t\t<span class=\"elementor-divider-separator\">\n\t\t\t\t\t\t\t<div class=\"elementor-icon elementor-divider__element\">\n\t\t\t\t\t<i aria-hidden=\"true\" class=\"fab fa-gripfire\"><\/i><\/div>\n\t\t\t\t\t\t<\/span>\n\t\t<\/div>\n\t\t\t\t\t\t<\/div>\n\t\t\t\t<\/div>\n\t\t\t\t<div class=\"elementor-element elementor-element-23b17b5 elementor-widget elementor-widget-text-editor\" data-id=\"23b17b5\" data-element_type=\"widget\" data-e-type=\"widget\" data-widget_type=\"text-editor.default\">\n\t\t\t\t<div class=\"elementor-widget-container\">\n\t\t\t\t\t\t\t\t\t<p>\u00a0<\/p><p>\u00ab \u00c9quilibre Psychique, Carburant de la Performance : Le Duo Essentiel \u00bb<\/p><p>\u00c0 l&rsquo;occasion de cette 12\u1d49 \u00e9dition, nous avons choisi d&rsquo;explorer un sujet fondamental : l&rsquo;impact de la sant\u00e9 mentale sur l&rsquo;atteinte de la performance maximale. Que vous soyez athl\u00e8te de haut niveau, cadre en qu\u00eate d&rsquo;efficacit\u00e9 durable ou simplement soucieux de votre r\u00e9silience psychologique, il est essentiel de saisir le lien profond qui unit le bien-\u00eatre psychique et la r\u00e9ussite.<\/p><p>Ce salon a pour objectif d&rsquo;\u00e9duquer, de d\u00e9stigmatiser et de fournir des outils concrets sur les m\u00e9canismes neuro-cognitifs et psychologiques qui r\u00e9gissent notre potentiel.<\/p><p>Nous vous avons concoct\u00e9 un programme riche et vari\u00e9 qui r\u00e9unira des experts de renom en psychologie du sport, neurosciences et coaching. Soyez assur\u00e9s que l&rsquo;exp\u00e9rience sera \u00e0 la hauteur de vos attentes, offrant des strat\u00e9gies innovantes et des recherches de pointe pour faire de votre mental votre meilleur alli\u00e9.<\/p><p>Venez d\u00e9couvrir comment transformer l&rsquo;\u00e9quilibre psychique en votre plus grand avantage comp\u00e9titif !<\/p><p data-start=\"850\" data-end=\"1186\">\u00a0<\/p>\t\t\t\t\t\t\t\t<\/div>\n\t\t\t\t<\/div>\n\t\t\t\t\t<\/div>\n\t\t<\/div>\n\t\t\t\t\t<\/div>\n\t\t<\/section>\n\t\t\t\t<section class=\"elementor-section elementor-top-section elementor-element elementor-element-c2aa8da elementor-section-stretched elementor-section-boxed elementor-section-height-default elementor-section-height-default wpr-particle-no wpr-jarallax-no wpr-parallax-no wpr-sticky-section-no wpr-equal-height-no\" data-id=\"c2aa8da\" data-element_type=\"section\" data-e-type=\"section\" data-settings=\"{&quot;background_background&quot;:&quot;classic&quot;,&quot;stretch_section&quot;:&quot;section-stretched&quot;}\">\n\t\t\t\t\t\t<div class=\"elementor-container elementor-column-gap-default\">\n\t\t\t\t\t<div class=\"elementor-column elementor-col-100 elementor-top-column elementor-element elementor-element-786e178\" data-id=\"786e178\" data-element_type=\"column\" data-e-type=\"column\">\n\t\t\t<div class=\"elementor-widget-wrap elementor-element-populated\">\n\t\t\t\t\t\t<div class=\"elementor-element elementor-element-fe96c28 elementor-widget elementor-widget-heading\" data-id=\"fe96c28\" data-element_type=\"widget\" data-e-type=\"widget\" data-widget_type=\"heading.default\">\n\t\t\t\t<div class=\"elementor-widget-container\">\n\t\t\t\t\t<h1 class=\"elementor-heading-title elementor-size-default\">Quand ?<\/h1>\t\t\t\t<\/div>\n\t\t\t\t<\/div>\n\t\t\t\t<div class=\"elementor-element elementor-element-3b20c37 elementor-widget-divider--view-line_icon elementor-view-default elementor-widget-divider--element-align-center elementor-widget elementor-widget-divider\" data-id=\"3b20c37\" data-element_type=\"widget\" data-e-type=\"widget\" data-widget_type=\"divider.default\">\n\t\t\t\t<div class=\"elementor-widget-container\">\n\t\t\t\t\t\t\t<div class=\"elementor-divider\">\n\t\t\t<span class=\"elementor-divider-separator\">\n\t\t\t\t\t\t\t<div class=\"elementor-icon elementor-divider__element\">\n\t\t\t\t\t<i aria-hidden=\"true\" class=\"fab fa-gripfire\"><\/i><\/div>\n\t\t\t\t\t\t<\/span>\n\t\t<\/div>\n\t\t\t\t\t\t<\/div>\n\t\t\t\t<\/div>\n\t\t\t\t<div class=\"elementor-element elementor-element-cddc221 elementor-widget elementor-widget-text-editor\" data-id=\"cddc221\" data-element_type=\"widget\" data-e-type=\"widget\" data-widget_type=\"text-editor.default\">\n\t\t\t\t<div class=\"elementor-widget-container\">\n\t\t\t\t\t\t\t\t\t<p data-start=\"1590\" data-end=\"1889\"><img decoding=\"async\" class=\"emoji\" role=\"img\" src=\"https:\/\/s.w.org\/images\/core\/emoji\/17.0.2\/svg\/1f4c5.svg\" alt=\"\ud83d\udcc5\" \/> <strong data-start=\"1593\" data-end=\"1613\">Vendredi 13 mars 2026\u00a0<\/strong>\u00a0: <strong data-start=\"1616\" data-end=\"1653\">Journ\u00e9e d\u00e9di\u00e9e aux professionnels<\/strong><br data-start=\"1653\" data-end=\"1656\" \/>Cette journ\u00e9e s\u2019adresse aux di\u00e9t\u00e9ticiens, nutritionnistes, pr\u00e9parateurs physiques, m\u00e9decins du sport et autres acteurs du secteur. Ils pourront assister \u00e0 des conf\u00e9rences sp\u00e9cialis\u00e9es et \u00e9changer avec des intervenants reconnus.<\/p>\t\t\t\t\t\t\t\t<\/div>\n\t\t\t\t<\/div>\n\t\t\t\t<div class=\"elementor-element elementor-element-47d780a elementor-widget elementor-widget-text-editor\" data-id=\"47d780a\" data-element_type=\"widget\" data-e-type=\"widget\" data-widget_type=\"text-editor.default\">\n\t\t\t\t<div class=\"elementor-widget-container\">\n\t\t\t\t\t\t\t\t\t<p data-start=\"1891\" data-end=\"2179\"><img decoding=\"async\" class=\"emoji\" role=\"img\" src=\"https:\/\/s.w.org\/images\/core\/emoji\/17.0.2\/svg\/1f4c5.svg\" alt=\"\ud83d\udcc5\" \/> <strong data-start=\"1894\" data-end=\"1912\">Samedi 14 mars 2026<\/strong>\u00a0: <strong data-start=\"1915\" data-end=\"1939\">Journ\u00e9e grand public<\/strong><br data-start=\"1939\" data-end=\"1942\" \/>Ouverte \u00e0 tous, cette journ\u00e9e permettra de d\u00e9couvrir les cl\u00e9s d\u2019une alimentation \u00e9quilibr\u00e9e, adapt\u00e9e aux besoins et \u00e0 la sant\u00e9 mentale. Des ateliers pratiques et des stands interactifs permettront d\u2019exp\u00e9rimenter concr\u00e8tement ces notions.<\/p>\t\t\t\t\t\t\t\t<\/div>\n\t\t\t\t<\/div>\n\t\t\t\t<div class=\"elementor-element elementor-element-3b75f51 elementor-widget elementor-widget-text-editor\" data-id=\"3b75f51\" data-element_type=\"widget\" data-e-type=\"widget\" data-widget_type=\"text-editor.default\">\n\t\t\t\t<div class=\"elementor-widget-container\">\n\t\t\t\t\t\t\t\t\t<p style=\"text-align: center\" data-start=\"2516\" data-end=\"2657\">Nous vous attendons nombreux pour partager ensemble ces deux journ\u00e9es d\u00e9di\u00e9es \u00e0 la nutrition, \u00e0 la sant\u00e9 mentale et \u00e0 la performance !\u00a0<\/p>\t\t\t\t\t\t\t\t<\/div>\n\t\t\t\t<\/div>\n\t\t\t\t\t<\/div>\n\t\t<\/div>\n\t\t\t\t\t<\/div>\n\t\t<\/section>\n\t\t\t\t<section class=\"elementor-section elementor-top-section elementor-element elementor-element-50429f6 elementor-section-boxed elementor-section-height-default elementor-section-height-default wpr-particle-no wpr-jarallax-no wpr-parallax-no wpr-sticky-section-no wpr-equal-height-no\" data-id=\"50429f6\" data-element_type=\"section\" data-e-type=\"section\">\n\t\t\t\t\t\t<div class=\"elementor-container elementor-column-gap-default\">\n\t\t\t\t\t<div class=\"elementor-column elementor-col-100 elementor-top-column elementor-element elementor-element-137fc06\" data-id=\"137fc06\" data-element_type=\"column\" data-e-type=\"column\">\n\t\t\t<div class=\"elementor-widget-wrap elementor-element-populated\">\n\t\t\t\t\t\t<section class=\"elementor-section elementor-inner-section elementor-element elementor-element-1f59c1f elementor-section-boxed elementor-section-height-default elementor-section-height-default wpr-particle-no wpr-jarallax-no wpr-parallax-no wpr-sticky-section-no wpr-equal-height-no\" data-id=\"1f59c1f\" data-element_type=\"section\" data-e-type=\"section\">\n\t\t\t\t\t\t<div class=\"elementor-container elementor-column-gap-default\">\n\t\t\t\t\t<div class=\"elementor-column elementor-col-50 elementor-inner-column elementor-element elementor-element-db8a1c9\" data-id=\"db8a1c9\" data-element_type=\"column\" data-e-type=\"column\">\n\t\t\t<div class=\"elementor-widget-wrap\">\n\t\t\t\t\t\t\t<\/div>\n\t\t<\/div>\n\t\t\t\t<div class=\"elementor-column elementor-col-50 elementor-inner-column elementor-element elementor-element-0dd1da6\" data-id=\"0dd1da6\" data-element_type=\"column\" data-e-type=\"column\">\n\t\t\t<div class=\"elementor-widget-wrap\">\n\t\t\t\t\t\t\t<\/div>\n\t\t<\/div>\n\t\t\t\t\t<\/div>\n\t\t<\/section>\n\t\t\t\t\t<\/div>\n\t\t<\/div>\n\t\t\t\t\t<\/div>\n\t\t<\/section>\n\t\t\t\t<\/div>\n\t\t","protected":false},"excerpt":{"rendered":"<p>Bienvenue \u00e0 la 12\u00e8me \u00e9dition du Salon de la Nutrition ! Organis\u00e9 annuellement par les \u00e9tudiants de troisi\u00e8me ann\u00e9e du<\/p>\n","protected":false},"author":16,"featured_media":0,"parent":0,"menu_order":0,"comment_status":"closed","ping_status":"closed","template":"elementor_theme","meta":{"om_disable_all_campaigns":false,"footnotes":""},"class_list":["post-1279","page","type-page","status-publish","hentry"],"yoast_head":"<!-- This site is optimized with the Yoast SEO plugin v27.5 - https:\/\/yoast.com\/product\/yoast-seo-wordpress\/ -->\n<title>Le salon de la nutrition de l\u2019EDNH - Salon de la Nutrition<\/title>\n<meta name=\"robots\" content=\"index, follow, max-snippet:-1, max-image-preview:large, max-video-preview:-1\" \/>\n<link rel=\"canonical\" href=\"https:\/\/www.ednh.fr\/salon-nutrition\/paris\/\" \/>\n<meta property=\"og:locale\" content=\"fr_FR\" \/>\n<meta property=\"og:type\" content=\"article\" \/>\n<meta property=\"og:title\" content=\"Le salon de la nutrition de l\u2019EDNH - Salon de la Nutrition\" \/>\n<meta property=\"og:description\" content=\"Bienvenue \u00e0 la 12\u00e8me \u00e9dition du Salon de la Nutrition ! Organis\u00e9 annuellement par les \u00e9tudiants de troisi\u00e8me ann\u00e9e du\" \/>\n<meta property=\"og:url\" content=\"https:\/\/www.ednh.fr\/salon-nutrition\/paris\/\" \/>\n<meta property=\"og:site_name\" content=\"Salon de la Nutrition\" \/>\n<meta property=\"article:modified_time\" content=\"2026-03-10T12:26:40+00:00\" \/>\n<meta property=\"og:image\" content=\"https:\/\/www.ednh.fr\/salon-nutrition\/paris\/wp-content\/uploads\/sites\/2\/2025\/02\/1-4.jpg\" \/>\n\t<meta property=\"og:image:width\" content=\"720\" \/>\n\t<meta property=\"og:image:height\" content=\"720\" \/>\n\t<meta property=\"og:image:type\" content=\"image\/jpeg\" \/>\n<meta name=\"twitter:card\" content=\"summary_large_image\" \/>\n<meta name=\"twitter:label1\" content=\"Dur\u00e9e de lecture estim\u00e9e\" \/>\n\t<meta name=\"twitter:data1\" content=\"3 minutes\" \/>\n<script type=\"application\/ld+json\" class=\"yoast-schema-graph\">{\"@context\":\"https:\\\/\\\/schema.org\",\"@graph\":[{\"@type\":\"WebPage\",\"@id\":\"https:\\\/\\\/www.ednh.fr\\\/salon-nutrition\\\/paris\\\/\",\"url\":\"https:\\\/\\\/www.ednh.fr\\\/salon-nutrition\\\/paris\\\/\",\"name\":\"Le salon de la nutrition de l\u2019EDNH - Salon de la Nutrition\",\"isPartOf\":{\"@id\":\"https:\\\/\\\/www.ednh.fr\\\/salon-nutrition\\\/paris\\\/#website\"},\"primaryImageOfPage\":{\"@id\":\"https:\\\/\\\/www.ednh.fr\\\/salon-nutrition\\\/paris\\\/#primaryimage\"},\"image\":{\"@id\":\"https:\\\/\\\/www.ednh.fr\\\/salon-nutrition\\\/paris\\\/#primaryimage\"},\"thumbnailUrl\":\"https:\\\/\\\/www.ednh.fr\\\/salon-nutrition\\\/paris\\\/wp-content\\\/uploads\\\/sites\\\/2\\\/2025\\\/02\\\/1-4.jpg\",\"datePublished\":\"2024-10-31T08:04:23+00:00\",\"dateModified\":\"2026-03-10T12:26:40+00:00\",\"breadcrumb\":{\"@id\":\"https:\\\/\\\/www.ednh.fr\\\/salon-nutrition\\\/paris\\\/#breadcrumb\"},\"inLanguage\":\"fr-FR\",\"potentialAction\":[{\"@type\":\"ReadAction\",\"target\":[\"https:\\\/\\\/www.ednh.fr\\\/salon-nutrition\\\/paris\\\/\"]}]},{\"@type\":\"ImageObject\",\"inLanguage\":\"fr-FR\",\"@id\":\"https:\\\/\\\/www.ednh.fr\\\/salon-nutrition\\\/paris\\\/#primaryimage\",\"url\":\"https:\\\/\\\/www.ednh.fr\\\/salon-nutrition\\\/paris\\\/wp-content\\\/uploads\\\/sites\\\/2\\\/2025\\\/02\\\/1-4.jpg\",\"contentUrl\":\"https:\\\/\\\/www.ednh.fr\\\/salon-nutrition\\\/paris\\\/wp-content\\\/uploads\\\/sites\\\/2\\\/2025\\\/02\\\/1-4.jpg\",\"width\":720,\"height\":720,\"caption\":\"Locaux de l'EDNH \u00e0 PARIS\"},{\"@type\":\"BreadcrumbList\",\"@id\":\"https:\\\/\\\/www.ednh.fr\\\/salon-nutrition\\\/paris\\\/#breadcrumb\",\"itemListElement\":[{\"@type\":\"ListItem\",\"position\":1,\"name\":\"Accueil\",\"item\":\"https:\\\/\\\/www.ednh.fr\\\/salon-nutrition\\\/paris\\\/\"},{\"@type\":\"ListItem\",\"position\":2,\"name\":\"Le salon de la nutrition de l\u2019EDNH\"}]},{\"@type\":\"WebSite\",\"@id\":\"https:\\\/\\\/www.ednh.fr\\\/salon-nutrition\\\/paris\\\/#website\",\"url\":\"https:\\\/\\\/www.ednh.fr\\\/salon-nutrition\\\/paris\\\/\",\"name\":\"Salon de la Nutrition\",\"description\":\"\",\"publisher\":{\"@id\":\"https:\\\/\\\/www.ednh.fr\\\/salon-nutrition\\\/paris\\\/#organization\"},\"potentialAction\":[{\"@type\":\"SearchAction\",\"target\":{\"@type\":\"EntryPoint\",\"urlTemplate\":\"https:\\\/\\\/www.ednh.fr\\\/salon-nutrition\\\/paris\\\/?s={search_term_string}\"},\"query-input\":{\"@type\":\"PropertyValueSpecification\",\"valueRequired\":true,\"valueName\":\"search_term_string\"}}],\"inLanguage\":\"fr-FR\"},{\"@type\":\"Organization\",\"@id\":\"https:\\\/\\\/www.ednh.fr\\\/salon-nutrition\\\/paris\\\/#organization\",\"name\":\"Salon de la Nutrition\",\"url\":\"https:\\\/\\\/www.ednh.fr\\\/salon-nutrition\\\/paris\\\/\",\"logo\":{\"@type\":\"ImageObject\",\"inLanguage\":\"fr-FR\",\"@id\":\"https:\\\/\\\/www.ednh.fr\\\/salon-nutrition\\\/paris\\\/#\\\/schema\\\/logo\\\/image\\\/\",\"url\":\"https:\\\/\\\/www.ednh.fr\\\/salon-nutrition\\\/paris\\\/wp-content\\\/uploads\\\/sites\\\/2\\\/2025\\\/11\\\/cropped-cropped-62a25d1a-c822-4cc4-84aa-9a06492fcc2a-1.jpeg\",\"contentUrl\":\"https:\\\/\\\/www.ednh.fr\\\/salon-nutrition\\\/paris\\\/wp-content\\\/uploads\\\/sites\\\/2\\\/2025\\\/11\\\/cropped-cropped-62a25d1a-c822-4cc4-84aa-9a06492fcc2a-1.jpeg\",\"width\":512,\"height\":512,\"caption\":\"Salon de la Nutrition \"},\"image\":{\"@id\":\"https:\\\/\\\/www.ednh.fr\\\/salon-nutrition\\\/paris\\\/#\\\/schema\\\/logo\\\/image\\\/\"}}]}<\/script>\n<!-- \/ Yoast SEO plugin. -->","yoast_head_json":{"title":"Le salon de la nutrition de l\u2019EDNH - Salon de la Nutrition","robots":{"index":"index","follow":"follow","max-snippet":"max-snippet:-1","max-image-preview":"max-image-preview:large","max-video-preview":"max-video-preview:-1"},"canonical":"https:\/\/www.ednh.fr\/salon-nutrition\/paris\/","og_locale":"fr_FR","og_type":"article","og_title":"Le salon de la nutrition de l\u2019EDNH - Salon de la Nutrition","og_description":"Bienvenue \u00e0 la 12\u00e8me \u00e9dition du Salon de la Nutrition ! Organis\u00e9 annuellement par les \u00e9tudiants de troisi\u00e8me ann\u00e9e du","og_url":"https:\/\/www.ednh.fr\/salon-nutrition\/paris\/","og_site_name":"Salon de la Nutrition","article_modified_time":"2026-03-10T12:26:40+00:00","og_image":[{"width":720,"height":720,"url":"https:\/\/www.ednh.fr\/salon-nutrition\/paris\/wp-content\/uploads\/sites\/2\/2025\/02\/1-4.jpg","type":"image\/jpeg"}],"twitter_card":"summary_large_image","twitter_misc":{"Dur\u00e9e de lecture estim\u00e9e":"3 minutes"},"schema":{"@context":"https:\/\/schema.org","@graph":[{"@type":"WebPage","@id":"https:\/\/www.ednh.fr\/salon-nutrition\/paris\/","url":"https:\/\/www.ednh.fr\/salon-nutrition\/paris\/","name":"Le salon de la nutrition de l\u2019EDNH - Salon de la Nutrition","isPartOf":{"@id":"https:\/\/www.ednh.fr\/salon-nutrition\/paris\/#website"},"primaryImageOfPage":{"@id":"https:\/\/www.ednh.fr\/salon-nutrition\/paris\/#primaryimage"},"image":{"@id":"https:\/\/www.ednh.fr\/salon-nutrition\/paris\/#primaryimage"},"thumbnailUrl":"https:\/\/www.ednh.fr\/salon-nutrition\/paris\/wp-content\/uploads\/sites\/2\/2025\/02\/1-4.jpg","datePublished":"2024-10-31T08:04:23+00:00","dateModified":"2026-03-10T12:26:40+00:00","breadcrumb":{"@id":"https:\/\/www.ednh.fr\/salon-nutrition\/paris\/#breadcrumb"},"inLanguage":"fr-FR","potentialAction":[{"@type":"ReadAction","target":["https:\/\/www.ednh.fr\/salon-nutrition\/paris\/"]}]},{"@type":"ImageObject","inLanguage":"fr-FR","@id":"https:\/\/www.ednh.fr\/salon-nutrition\/paris\/#primaryimage","url":"https:\/\/www.ednh.fr\/salon-nutrition\/paris\/wp-content\/uploads\/sites\/2\/2025\/02\/1-4.jpg","contentUrl":"https:\/\/www.ednh.fr\/salon-nutrition\/paris\/wp-content\/uploads\/sites\/2\/2025\/02\/1-4.jpg","width":720,"height":720,"caption":"Locaux de l'EDNH \u00e0 PARIS"},{"@type":"BreadcrumbList","@id":"https:\/\/www.ednh.fr\/salon-nutrition\/paris\/#breadcrumb","itemListElement":[{"@type":"ListItem","position":1,"name":"Accueil","item":"https:\/\/www.ednh.fr\/salon-nutrition\/paris\/"},{"@type":"ListItem","position":2,"name":"Le salon de la nutrition de l\u2019EDNH"}]},{"@type":"WebSite","@id":"https:\/\/www.ednh.fr\/salon-nutrition\/paris\/#website","url":"https:\/\/www.ednh.fr\/salon-nutrition\/paris\/","name":"Salon de la Nutrition","description":"","publisher":{"@id":"https:\/\/www.ednh.fr\/salon-nutrition\/paris\/#organization"},"potentialAction":[{"@type":"SearchAction","target":{"@type":"EntryPoint","urlTemplate":"https:\/\/www.ednh.fr\/salon-nutrition\/paris\/?s={search_term_string}"},"query-input":{"@type":"PropertyValueSpecification","valueRequired":true,"valueName":"search_term_string"}}],"inLanguage":"fr-FR"},{"@type":"Organization","@id":"https:\/\/www.ednh.fr\/salon-nutrition\/paris\/#organization","name":"Salon de la Nutrition","url":"https:\/\/www.ednh.fr\/salon-nutrition\/paris\/","logo":{"@type":"ImageObject","inLanguage":"fr-FR","@id":"https:\/\/www.ednh.fr\/salon-nutrition\/paris\/#\/schema\/logo\/image\/","url":"https:\/\/www.ednh.fr\/salon-nutrition\/paris\/wp-content\/uploads\/sites\/2\/2025\/11\/cropped-cropped-62a25d1a-c822-4cc4-84aa-9a06492fcc2a-1.jpeg","contentUrl":"https:\/\/www.ednh.fr\/salon-nutrition\/paris\/wp-content\/uploads\/sites\/2\/2025\/11\/cropped-cropped-62a25d1a-c822-4cc4-84aa-9a06492fcc2a-1.jpeg","width":512,"height":512,"caption":"Salon de la Nutrition "},"image":{"@id":"https:\/\/www.ednh.fr\/salon-nutrition\/paris\/#\/schema\/logo\/image\/"}}]}},"_links":{"self":[{"href":"https:\/\/www.ednh.fr\/salon-nutrition\/paris\/wp-json\/wp\/v2\/pages\/1279","targetHints":{"allow":["GET"]}}],"collection":[{"href":"https:\/\/www.ednh.fr\/salon-nutrition\/paris\/wp-json\/wp\/v2\/pages"}],"about":[{"href":"https:\/\/www.ednh.fr\/salon-nutrition\/paris\/wp-json\/wp\/v2\/types\/page"}],"author":[{"embeddable":true,"href":"https:\/\/www.ednh.fr\/salon-nutrition\/paris\/wp-json\/wp\/v2\/users\/16"}],"replies":[{"embeddable":true,"href":"https:\/\/www.ednh.fr\/salon-nutrition\/paris\/wp-json\/wp\/v2\/comments?post=1279"}],"version-history":[{"count":222,"href":"https:\/\/www.ednh.fr\/salon-nutrition\/paris\/wp-json\/wp\/v2\/pages\/1279\/revisions"}],"predecessor-version":[{"id":2278,"href":"https:\/\/www.ednh.fr\/salon-nutrition\/paris\/wp-json\/wp\/v2\/pages\/1279\/revisions\/2278"}],"wp:attachment":[{"href":"https:\/\/www.ednh.fr\/salon-nutrition\/paris\/wp-json\/wp\/v2\/media?parent=1279"}],"curies":[{"name":"wp","href":"https:\/\/api.w.org\/{rel}","templated":true}]}}